{"id":10099,"date":"2026-02-03T09:12:28","date_gmt":"2026-02-03T08:12:28","guid":{"rendered":"https:\/\/klipfel.ch\/klipfel-hefe-sa\/durabilite\/"},"modified":"2026-03-10T10:19:26","modified_gmt":"2026-03-10T09:19:26","slug":"durabilite","status":"publish","type":"page","link":"https:\/\/klipfel.ch\/fr\/klipfel-hefe-sa\/durabilite\/","title":{"rendered":"Durabilit\u00e9"},"content":{"rendered":"\t\t<div data-elementor-type=\"wp-page\" data-elementor-id=\"10099\" class=\"elementor elementor-10099 elementor-9204\" data-elementor-post-type=\"page\">\n\t\t\t\t<div class=\"elementor-element elementor-element-b5140a4 e-con-full e-flex e-con e-parent\" data-id=\"b5140a4\" data-element_type=\"container\" data-e-type=\"container\" data-settings=\"{&quot;background_background&quot;:&quot;classic&quot;}\">\n\t\t<div class=\"elementor-element elementor-element-10d7d27 e-con-full e-flex e-con e-child\" data-id=\"10d7d27\" data-element_type=\"container\" data-e-type=\"container\" data-settings=\"{&quot;background_background&quot;:&quot;classic&quot;}\">\n\t\t\t\t<div class=\"elementor-element elementor-element-21997d4 elementor-widget elementor-widget-heading\" data-id=\"21997d4\" data-element_type=\"widget\" data-e-type=\"widget\" data-widget_type=\"heading.default\">\n\t\t\t\t<div class=\"elementor-widget-container\">\n\t\t\t\t\t<h1 class=\"elementor-heading-title elementor-size-default\">Durabilit\u00e9<\/h1>\t\t\t\t<\/div>\n\t\t\t\t<\/div>\n\t\t\t\t<\/div>\n\t\t\t\t<\/div>\n\t\t<div class=\"elementor-element elementor-element-75c4ac8 e-flex e-con-boxed e-con e-parent\" data-id=\"75c4ac8\" data-element_type=\"container\" data-e-type=\"container\">\n\t\t\t\t\t<div class=\"e-con-inner\">\n\t\t\t\t<div class=\"elementor-element elementor-element-cc958f5 elementor-widget elementor-widget-image\" data-id=\"cc958f5\" data-element_type=\"widget\" data-e-type=\"widget\" data-widget_type=\"image.default\">\n\t\t\t\t<div class=\"elementor-widget-container\">\n\t\t\t\t\t\t\t\t\t\t\t\t\t\t\t<img decoding=\"async\" width=\"5\" height=\"101\" src=\"https:\/\/klipfel.ch\/wp-content\/uploads\/2024\/10\/ligne.webp\" class=\"attachment-full size-full wp-image-9948\" alt=\"LESAFFRE - Vertikale Linie gro\u00df\" \/>\t\t\t\t\t\t\t\t\t\t\t\t\t\t\t<\/div>\n\t\t\t\t<\/div>\n\t\t\t\t\t<\/div>\n\t\t\t\t<\/div>\n\t\t<div class=\"elementor-element elementor-element-875e278 e-flex e-con-boxed e-con e-parent\" data-id=\"875e278\" data-element_type=\"container\" data-e-type=\"container\" data-settings=\"{&quot;background_background&quot;:&quot;classic&quot;}\">\n\t\t\t\t\t<div class=\"e-con-inner\">\n\t\t\t\t<div class=\"elementor-element elementor-element-fd451b4 elementor-widget elementor-widget-text-editor\" data-id=\"fd451b4\" data-element_type=\"widget\" data-e-type=\"widget\" data-widget_type=\"text-editor.default\">\n\t\t\t\t<div class=\"elementor-widget-container\">\n\t\t\t\t\t\t\t\t\t<p>Lesaffre s&#8217;est donn\u00e9 pour mission de travailler avec la nature pour un avenir plus sain depuis 170 ans. Au-del\u00e0 de la croissance du groupe, notre objectif a toujours \u00e9t\u00e9 de contribuer \u00e0 mieux nourrir et pr\u00e9server notre plan\u00e8te. Pour y parvenir, nous prenons des mesures concr\u00e8tes, tant au niveau national qu&#8217;international.  <\/p>\t\t\t\t\t\t\t\t<\/div>\n\t\t\t\t<\/div>\n\t\t\t\t\t<\/div>\n\t\t\t\t<\/div>\n\t\t<div class=\"elementor-element elementor-element-4554ae4 e-flex e-con-boxed e-con e-parent\" data-id=\"4554ae4\" data-element_type=\"container\" data-e-type=\"container\" data-settings=\"{&quot;background_background&quot;:&quot;classic&quot;}\">\n\t\t\t\t\t<div class=\"e-con-inner\">\n\t\t\t\t<div class=\"elementor-element elementor-element-6bef69f elementor-widget elementor-widget-counter\" data-id=\"6bef69f\" data-element_type=\"widget\" data-e-type=\"widget\" data-widget_type=\"counter.default\">\n\t\t\t\t<div class=\"elementor-widget-container\">\n\t\t\t\t\t\t\t<div class=\"elementor-counter\">\n\t\t\t<div class=\"elementor-counter-title\">de l'eau utilis\u00e9e dans nos processus de fabrication est r\u00e9introduite dans la nature<\/div>\t\t\t<div class=\"elementor-counter-number-wrapper\">\n\t\t\t\t<span class=\"elementor-counter-number-prefix\"><\/span>\n\t\t\t\t<span class=\"elementor-counter-number\" data-duration=\"2000\" data-to-value=\"83\" data-from-value=\"0\" data-delimiter=\",\">0<\/span>\n\t\t\t\t<span class=\"elementor-counter-number-suffix\">%<\/span>\n\t\t\t<\/div>\n\t\t<\/div>\n\t\t\t\t\t\t<\/div>\n\t\t\t\t<\/div>\n\t\t\t\t<div class=\"elementor-element elementor-element-f23db3c elementor-widget elementor-widget-counter\" data-id=\"f23db3c\" data-element_type=\"widget\" data-e-type=\"widget\" data-widget_type=\"counter.default\">\n\t\t\t\t<div class=\"elementor-widget-container\">\n\t\t\t\t\t\t\t<div class=\"elementor-counter\">\n\t\t\t<div class=\"elementor-counter-title\">collaborateurs Lesaffre participent aux actions caritatives du programme ECHO<\/div>\t\t\t<div class=\"elementor-counter-number-wrapper\">\n\t\t\t\t<span class=\"elementor-counter-number-prefix\"><\/span>\n\t\t\t\t<span class=\"elementor-counter-number\" data-duration=\"2000\" data-to-value=\"1200\" data-from-value=\"0\" data-delimiter=\",\">0<\/span>\n\t\t\t\t<span class=\"elementor-counter-number-suffix\"><\/span>\n\t\t\t<\/div>\n\t\t<\/div>\n\t\t\t\t\t\t<\/div>\n\t\t\t\t<\/div>\n\t\t\t\t<div class=\"elementor-element elementor-element-b9cf988 elementor-widget elementor-widget-counter\" data-id=\"b9cf988\" data-element_type=\"widget\" data-e-type=\"widget\" data-widget_type=\"counter.default\">\n\t\t\t\t<div class=\"elementor-widget-container\">\n\t\t\t\t\t\t\t<div class=\"elementor-counter\">\n\t\t\t<div class=\"elementor-counter-title\">de nos sites sont certifi\u00e9s GFSI (Global Food Safety Initiative)<\/div>\t\t\t<div class=\"elementor-counter-number-wrapper\">\n\t\t\t\t<span class=\"elementor-counter-number-prefix\"><\/span>\n\t\t\t\t<span class=\"elementor-counter-number\" data-duration=\"2000\" data-to-value=\"89\" data-from-value=\"0\" data-delimiter=\",\">0<\/span>\n\t\t\t\t<span class=\"elementor-counter-number-suffix\">%<\/span>\n\t\t\t<\/div>\n\t\t<\/div>\n\t\t\t\t\t\t<\/div>\n\t\t\t\t<\/div>\n\t\t\t\t<div class=\"elementor-element elementor-element-297366b elementor-widget elementor-widget-counter\" data-id=\"297366b\" data-element_type=\"widget\" data-e-type=\"widget\" data-widget_type=\"counter.default\">\n\t\t\t\t<div class=\"elementor-widget-container\">\n\t\t\t\t\t\t\t<div class=\"elementor-counter\">\n\t\t\t<div class=\"elementor-counter-title\">visites de s\u00e9curit\u00e9 bas\u00e9es sur le comportement (BBS) sont effectu\u00e9es chaque ann\u00e9e sur nos sites<\/div>\t\t\t<div class=\"elementor-counter-number-wrapper\">\n\t\t\t\t<span class=\"elementor-counter-number-prefix\"><\/span>\n\t\t\t\t<span class=\"elementor-counter-number\" data-duration=\"2000\" data-to-value=\"15000\" data-from-value=\"0\" data-delimiter=\",\">0<\/span>\n\t\t\t\t<span class=\"elementor-counter-number-suffix\"><\/span>\n\t\t\t<\/div>\n\t\t<\/div>\n\t\t\t\t\t\t<\/div>\n\t\t\t\t<\/div>\n\t\t\t\t\t<\/div>\n\t\t\t\t<\/div>\n\t\t<div class=\"elementor-element elementor-element-3662e4a e-flex e-con-boxed e-con e-parent\" data-id=\"3662e4a\" data-element_type=\"container\" data-e-type=\"container\" data-settings=\"{&quot;background_background&quot;:&quot;classic&quot;}\">\n\t\t\t\t\t<div class=\"e-con-inner\">\n\t\t\t\t<div class=\"elementor-element elementor-element-61ef849 elementor-widget__width-initial elementor-widget elementor-widget-image\" data-id=\"61ef849\" data-element_type=\"widget\" data-e-type=\"widget\" data-widget_type=\"image.default\">\n\t\t\t\t<div class=\"elementor-widget-container\">\n\t\t\t\t\t\t\t\t\t\t\t\t\t\t\t<img fetchpriority=\"high\" decoding=\"async\" width=\"364\" height=\"364\" src=\"https:\/\/klipfel.ch\/wp-content\/uploads\/2026\/02\/2025.png\" class=\"attachment-large size-large wp-image-10096\" alt=\"\" srcset=\"https:\/\/klipfel.ch\/wp-content\/uploads\/2026\/02\/2025.png 364w, https:\/\/klipfel.ch\/wp-content\/uploads\/2026\/02\/2025-300x300.png 300w, https:\/\/klipfel.ch\/wp-content\/uploads\/2026\/02\/2025-150x150.png 150w\" sizes=\"(max-width: 364px) 100vw, 364px\" \/>\t\t\t\t\t\t\t\t\t\t\t\t\t\t\t<\/div>\n\t\t\t\t<\/div>\n\t\t<div class=\"elementor-element elementor-element-b8a74e7 e-con-full e-flex e-con e-child\" data-id=\"b8a74e7\" data-element_type=\"container\" data-e-type=\"container\">\n\t\t\t\t<div class=\"elementor-element elementor-element-7ce88c8 elementor-widget elementor-widget-text-editor\" data-id=\"7ce88c8\" data-element_type=\"widget\" data-e-type=\"widget\" data-widget_type=\"text-editor.default\">\n\t\t\t\t<div class=\"elementor-widget-container\">\n\t\t\t\t\t\t\t\t\t<p>Lesaffre poursuit son chemin vers un avenir plus durable et a \u00e9t\u00e9 r\u00e9compens\u00e9 en 2025 par une m\u00e9daille d&#8217;argent EcoVadis.<\/p>\t\t\t\t\t\t\t\t<\/div>\n\t\t\t\t<\/div>\n\t\t\t\t<\/div>\n\t\t\t\t\t<\/div>\n\t\t\t\t<\/div>\n\t\t<div class=\"elementor-element elementor-element-aeb1887 e-con-full e-flex e-con e-parent\" data-id=\"aeb1887\" data-element_type=\"container\" data-e-type=\"container\" data-settings=\"{&quot;background_background&quot;:&quot;classic&quot;}\">\n\t\t<div class=\"elementor-element elementor-element-40a2c35 e-con-full e-flex e-con e-child\" data-id=\"40a2c35\" data-element_type=\"container\" data-e-type=\"container\" data-settings=\"{&quot;background_background&quot;:&quot;classic&quot;}\">\n\t\t\t\t<\/div>\n\t\t<div class=\"elementor-element elementor-element-dc4eb26 e-con-full e-flex e-con e-child\" data-id=\"dc4eb26\" data-element_type=\"container\" data-e-type=\"container\" data-settings=\"{&quot;background_background&quot;:&quot;classic&quot;}\">\n\t\t\t\t<div class=\"elementor-element elementor-element-5d87e85 elementor-widget elementor-widget-spacer\" data-id=\"5d87e85\" data-element_type=\"widget\" data-e-type=\"widget\" data-widget_type=\"spacer.default\">\n\t\t\t\t<div class=\"elementor-widget-container\">\n\t\t\t\t\t\t\t<div class=\"elementor-spacer\">\n\t\t\t<div class=\"elementor-spacer-inner\"><\/div>\n\t\t<\/div>\n\t\t\t\t\t\t<\/div>\n\t\t\t\t<\/div>\n\t\t<div class=\"elementor-element elementor-element-06ecbba e-con-full e-flex e-con e-child\" data-id=\"06ecbba\" data-element_type=\"container\" data-e-type=\"container\">\n\t\t\t\t<div class=\"elementor-element elementor-element-2ca65e7 elementor-widget elementor-widget-text-editor\" data-id=\"2ca65e7\" data-element_type=\"widget\" data-e-type=\"widget\" data-widget_type=\"text-editor.default\">\n\t\t\t\t<div class=\"elementor-widget-container\">\n\t\t\t\t\t\t\t\t\t<p><em>\u00abJe suis convaincu que la croissance de Lesaffre ne peut \u00eatre que durable et responsable.<br>Nous nous engageons \u00e0 r\u00e9duire notre empreinte \u00e9cologique et notre consommation d&#8217;\u00e9nergie. <\/em><\/p><p>Nos 11 000 collaborateurs sont anim\u00e9s chaque jour<br>par une mission commune : travailler ensemble pour mieux nourrir et prot\u00e9ger la plan\u00e8te.<\/p><p>Pour ce faire, nous mettons \u00e0 profit nos capacit\u00e9s uniques en mati\u00e8re de fermentation et nos connaissances sur les micro-organismes afin de soutenir l&#8217;alimentation, les \u00eatres humains et les animaux, et de prot\u00e9ger l&#8217;environnement.<\/p><p><strong>Brice-Audren Rich\u00e9<\/strong><br><strong>Lesaffre CEO<\/strong><\/p>\t\t\t\t\t\t\t\t<\/div>\n\t\t\t\t<\/div>\n\t\t\t\t<\/div>\n\t\t\t\t<div class=\"elementor-element elementor-element-81f0b01 elementor-widget elementor-widget-spacer\" data-id=\"81f0b01\" data-element_type=\"widget\" data-e-type=\"widget\" data-widget_type=\"spacer.default\">\n\t\t\t\t<div class=\"elementor-widget-container\">\n\t\t\t\t\t\t\t<div class=\"elementor-spacer\">\n\t\t\t<div class=\"elementor-spacer-inner\"><\/div>\n\t\t<\/div>\n\t\t\t\t\t\t<\/div>\n\t\t\t\t<\/div>\n\t\t\t\t<\/div>\n\t\t\t\t<\/div>\n\t\t<div class=\"elementor-element elementor-element-13a0998 e-con-full e-flex e-con e-parent\" data-id=\"13a0998\" data-element_type=\"container\" data-e-type=\"container\">\n\t\t<div class=\"elementor-element elementor-element-9d7abd0 e-con-full e-flex e-con e-child\" data-id=\"9d7abd0\" data-element_type=\"container\" data-e-type=\"container\" data-settings=\"{&quot;background_background&quot;:&quot;classic&quot;}\">\n\t\t\t\t<div class=\"elementor-element elementor-element-0717411 elementor-widget elementor-widget-spacer\" data-id=\"0717411\" data-element_type=\"widget\" data-e-type=\"widget\" data-widget_type=\"spacer.default\">\n\t\t\t\t<div class=\"elementor-widget-container\">\n\t\t\t\t\t\t\t<div class=\"elementor-spacer\">\n\t\t\t<div class=\"elementor-spacer-inner\"><\/div>\n\t\t<\/div>\n\t\t\t\t\t\t<\/div>\n\t\t\t\t<\/div>\n\t\t<div class=\"elementor-element elementor-element-8e0c1a0 e-con-full e-flex e-con e-child\" data-id=\"8e0c1a0\" data-element_type=\"container\" data-e-type=\"container\">\n\t\t\t\t<div class=\"elementor-element elementor-element-8889c50 elementor-widget elementor-widget-text-editor\" data-id=\"8889c50\" data-element_type=\"widget\" data-e-type=\"widget\" data-widget_type=\"text-editor.default\">\n\t\t\t\t<div class=\"elementor-widget-container\">\n\t\t\t\t\t\t\t\t\t<p style=\"font-weight: 400;\">Baking with Lesaffre, la division boulangerie de Lesaffre, va progressivement remplacer ses emballages en sachets recyclables et retirables pour ses produits de boulangerie, m\u00e9langes, pr\u00e9m\u00e9langes et levains \u00e0 partir d&#8217;avril 2025. Notre objectif premier chez Lesaffre est d&#8217;\u00e9viter les d\u00e9chets. C&#8217;est pourquoi nous allons d&#8217;abord utiliser les emballages en sachets encore disponibles. <\/p><p style=\"font-weight: 400;\">Les nouveaux sachets sont fabriqu\u00e9s \u00e0 partir de papier non blanchi certifi\u00e9 FSC\u00ae ou PEFC\u00ae et sont disponibles en diff\u00e9rents formats. Ils sont con\u00e7us pour \u00eatre recyclables. Ils sont \u00e9galement adapt\u00e9s aux fili\u00e8res de collecte et de recyclage existantes en Europe et portent un pictogramme uniforme indiquant leur recyclabilit\u00e9. Dans le m\u00eame temps, la surface d&#8217;impression a \u00e9t\u00e9 r\u00e9duite de 50 %.   <\/p>\t\t\t\t\t\t\t\t<\/div>\n\t\t\t\t<\/div>\n\t\t\t\t<div class=\"elementor-element elementor-element-0a0ac91 elementor-widget elementor-widget-text-editor\" data-id=\"0a0ac91\" data-element_type=\"widget\" data-e-type=\"widget\" data-widget_type=\"text-editor.default\">\n\t\t\t\t<div class=\"elementor-widget-container\">\n\t\t\t\t\t\t\t\t\t<p style=\"font-weight: 400;\">\u00ab Cette transformation n&#8217;est pas seulement un progr\u00e8s pour la plan\u00e8te, mais aussi une \u00e9volution importante pour le secteur de la boulangerie. Nous sommes ravis d&#8217;aider nos partenaires \u00e0 mettre en \u0153uvre ces avanc\u00e9es sans compromettre la qualit\u00e9 des produits. Cette nouvelle solution est une premi\u00e8re \u00e9tape pour permettre \u00e0 nos clients de faire progresser leurs propres initiatives en mati\u00e8re de RSE \u00bb, explique Thomas Lesaffre, directeur marketing chez Lesaffre.<\/p>\t\t\t\t\t\t\t\t<\/div>\n\t\t\t\t<\/div>\n\t\t\t\t<div class=\"elementor-element elementor-element-d99ea28 elementor-widget elementor-widget-text-editor\" data-id=\"d99ea28\" data-element_type=\"widget\" data-e-type=\"widget\" data-widget_type=\"text-editor.default\">\n\t\t\t\t<div class=\"elementor-widget-container\">\n\t\t\t\t\t\t\t\t\t<p style=\"font-weight: 400;\">Petit \u00e0 petit, tous les emballages des produits de boulangerie Baking with Lesaffre seront am\u00e9lior\u00e9s afin d&#8217;atteindre un taux de recyclabilit\u00e9 d&#8217;au moins 95 %.<\/p>\t\t\t\t\t\t\t\t<\/div>\n\t\t\t\t<\/div>\n\t\t\t\t<\/div>\n\t\t\t\t<div class=\"elementor-element elementor-element-a56a411 elementor-widget elementor-widget-spacer\" data-id=\"a56a411\" data-element_type=\"widget\" data-e-type=\"widget\" data-widget_type=\"spacer.default\">\n\t\t\t\t<div class=\"elementor-widget-container\">\n\t\t\t\t\t\t\t<div class=\"elementor-spacer\">\n\t\t\t<div class=\"elementor-spacer-inner\"><\/div>\n\t\t<\/div>\n\t\t\t\t\t\t<\/div>\n\t\t\t\t<\/div>\n\t\t\t\t<\/div>\n\t\t<div class=\"elementor-element elementor-element-dc53d7b e-con-full e-flex e-con e-child\" data-id=\"dc53d7b\" data-element_type=\"container\" data-e-type=\"container\" data-settings=\"{&quot;background_background&quot;:&quot;classic&quot;,&quot;motion_fx_devices&quot;:[&quot;desktop&quot;,&quot;tablet&quot;,&quot;mobile&quot;],&quot;motion_fx_motion_fx_scrolling&quot;:&quot;yes&quot;}\">\n\t\t\t\t<div class=\"elementor-element elementor-element-92c8fae elementor-widget elementor-widget-heading\" data-id=\"92c8fae\" data-element_type=\"widget\" data-e-type=\"widget\" data-settings=\"{&quot;motion_fx_motion_fx_scrolling&quot;:&quot;yes&quot;,&quot;motion_fx_blur_effect&quot;:&quot;yes&quot;,&quot;motion_fx_blur_range&quot;:{&quot;unit&quot;:&quot;%&quot;,&quot;size&quot;:&quot;&quot;,&quot;sizes&quot;:{&quot;start&quot;:0,&quot;end&quot;:20}},&quot;motion_fx_blur_direction&quot;:&quot;out-in&quot;,&quot;motion_fx_blur_level&quot;:{&quot;unit&quot;:&quot;px&quot;,&quot;size&quot;:7,&quot;sizes&quot;:[]},&quot;motion_fx_devices&quot;:[&quot;desktop&quot;,&quot;laptop&quot;,&quot;tablet_extra&quot;,&quot;tablet&quot;,&quot;mobile&quot;]}\" data-widget_type=\"heading.default\">\n\t\t\t\t<div class=\"elementor-widget-container\">\n\t\t\t\t\t<h2 class=\"elementor-heading-title elementor-size-default\">Nouveaux emballages durables et recyclables<\/h2>\t\t\t\t<\/div>\n\t\t\t\t<\/div>\n\t\t\t\t<\/div>\n\t\t\t\t<\/div>\n\t\t<div class=\"elementor-element elementor-element-fcfa9e5 e-flex e-con-boxed e-con e-parent\" data-id=\"fcfa9e5\" data-element_type=\"container\" data-e-type=\"container\" data-settings=\"{&quot;background_background&quot;:&quot;classic&quot;}\">\n\t\t\t\t\t<div class=\"e-con-inner\">\n\t\t<div class=\"elementor-element elementor-element-ff7da4c e-con-full e-flex e-con e-child\" data-id=\"ff7da4c\" data-element_type=\"container\" data-e-type=\"container\">\n\t\t<a class=\"elementor-element elementor-element-02b18d0 e-con-full e-flex e-con e-child\" data-id=\"02b18d0\" data-element_type=\"container\" data-e-type=\"container\" href=\"https:\/\/klipfel.ch\/fr\/baking-with-lesaffre\/\">\n\t\t\t\t<\/a>\n\t\t\t\t<\/div>\n\t\t<div class=\"elementor-element elementor-element-76e52d7 e-con-full e-flex e-con e-child\" data-id=\"76e52d7\" data-element_type=\"container\" data-e-type=\"container\" data-settings=\"{&quot;background_background&quot;:&quot;classic&quot;}\">\n\t\t\t\t<\/div>\n\t\t\t\t\t<\/div>\n\t\t\t\t<\/div>\n\t\t\t\t<\/div>\n\t\t","protected":false},"excerpt":{"rendered":"<p>Durabilit\u00e9 Lesaffre s&#8217;est donn\u00e9 pour mission de travailler avec la nature pour un avenir plus sain depuis 170 ans. Au-del\u00e0 de la croissance du groupe, notre objectif a toujours \u00e9t\u00e9 de contribuer \u00e0 mieux nourrir et pr\u00e9server notre plan\u00e8te. Pour y parvenir, nous prenons des mesures concr\u00e8tes, tant au niveau national qu&#8217;international. de l&#8217;eau utilis\u00e9e [&hellip;]<\/p>\n","protected":false},"author":17,"featured_media":0,"parent":10047,"menu_order":70,"comment_status":"closed","ping_status":"closed","template":"","meta":{"_acf_changed":false,"footnotes":""},"class_list":["post-10099","page","type-page","status-publish","hentry"],"acf":[],"yoast_head":"<!-- This site is optimized with the Yoast SEO plugin v27.5 - https:\/\/yoast.com\/product\/yoast-seo-wordpress\/ -->\n<title>KLIPFEL Hefe AG - Durabilit\u00e9<\/title>\n<meta name=\"robots\" content=\"noindex, nofollow\" \/>\n<meta property=\"og:locale\" content=\"fr_FR\" \/>\n<meta property=\"og:type\" content=\"article\" \/>\n<meta property=\"og:title\" content=\"KLIPFEL Hefe AG - Durabilit\u00e9\" \/>\n<meta property=\"og:description\" content=\"Durabilit\u00e9 Lesaffre s&#8217;est donn\u00e9 pour mission de travailler avec la nature pour un avenir plus sain depuis 170 ans. Au-del\u00e0 de la croissance du groupe, notre objectif a toujours \u00e9t\u00e9 de contribuer \u00e0 mieux nourrir et pr\u00e9server notre plan\u00e8te. Pour y parvenir, nous prenons des mesures concr\u00e8tes, tant au niveau national qu&#8217;international. de l&#8217;eau utilis\u00e9e [&hellip;]\" \/>\n<meta property=\"og:url\" content=\"https:\/\/klipfel.ch\/fr\/klipfel-hefe-sa\/durabilite\/\" \/>\n<meta property=\"og:site_name\" content=\"KLIPFEL Hefe AG\" \/>\n<meta property=\"article:modified_time\" content=\"2026-03-10T09:19:26+00:00\" \/>\n<meta property=\"og:image\" content=\"https:\/\/klipfel.ch\/wp-content\/uploads\/2024\/10\/ligne.webp\" \/>\n\t<meta property=\"og:image:width\" content=\"5\" \/>\n\t<meta property=\"og:image:height\" content=\"101\" \/>\n\t<meta property=\"og:image:type\" content=\"image\/webp\" \/>\n<meta name=\"twitter:card\" content=\"summary_large_image\" \/>\n<meta name=\"twitter:label1\" content=\"Est. reading time\" \/>\n\t<meta name=\"twitter:data1\" content=\"2 minutes\" \/>\n<script type=\"application\/ld+json\" class=\"yoast-schema-graph\">{\"@context\":\"https:\\\/\\\/schema.org\",\"@graph\":[{\"@type\":\"WebPage\",\"@id\":\"https:\\\/\\\/klipfel.ch\\\/fr\\\/klipfel-hefe-sa\\\/durabilite\\\/\",\"url\":\"https:\\\/\\\/klipfel.ch\\\/fr\\\/klipfel-hefe-sa\\\/durabilite\\\/\",\"name\":\"KLIPFEL Hefe AG - Durabilit\u00e9\",\"isPartOf\":{\"@id\":\"https:\\\/\\\/klipfel.ch\\\/fr\\\/#website\"},\"primaryImageOfPage\":{\"@id\":\"https:\\\/\\\/klipfel.ch\\\/fr\\\/klipfel-hefe-sa\\\/durabilite\\\/#primaryimage\"},\"image\":{\"@id\":\"https:\\\/\\\/klipfel.ch\\\/fr\\\/klipfel-hefe-sa\\\/durabilite\\\/#primaryimage\"},\"thumbnailUrl\":\"https:\\\/\\\/klipfel.ch\\\/wp-content\\\/uploads\\\/2024\\\/10\\\/ligne.webp\",\"datePublished\":\"2026-02-03T08:12:28+00:00\",\"dateModified\":\"2026-03-10T09:19:26+00:00\",\"breadcrumb\":{\"@id\":\"https:\\\/\\\/klipfel.ch\\\/fr\\\/klipfel-hefe-sa\\\/durabilite\\\/#breadcrumb\"},\"inLanguage\":\"fr-CH\",\"potentialAction\":[{\"@type\":\"ReadAction\",\"target\":[\"https:\\\/\\\/klipfel.ch\\\/fr\\\/klipfel-hefe-sa\\\/durabilite\\\/\"]}]},{\"@type\":\"ImageObject\",\"inLanguage\":\"fr-CH\",\"@id\":\"https:\\\/\\\/klipfel.ch\\\/fr\\\/klipfel-hefe-sa\\\/durabilite\\\/#primaryimage\",\"url\":\"https:\\\/\\\/klipfel.ch\\\/wp-content\\\/uploads\\\/2024\\\/10\\\/ligne.webp\",\"contentUrl\":\"https:\\\/\\\/klipfel.ch\\\/wp-content\\\/uploads\\\/2024\\\/10\\\/ligne.webp\"},{\"@type\":\"BreadcrumbList\",\"@id\":\"https:\\\/\\\/klipfel.ch\\\/fr\\\/klipfel-hefe-sa\\\/durabilite\\\/#breadcrumb\",\"itemListElement\":[{\"@type\":\"ListItem\",\"position\":1,\"name\":\"Startseite\",\"item\":\"https:\\\/\\\/klipfel.ch\\\/fr\\\/klipfel-ch-votre-centre-de-competences-pour-les-produits-de-fermentation-dans-le-secteur-de-la-boulangerie\\\/\"},{\"@type\":\"ListItem\",\"position\":2,\"name\":\"Klipfel Hefe SA\",\"item\":\"https:\\\/\\\/klipfel.ch\\\/fr\\\/klipfel-hefe-sa\\\/\"},{\"@type\":\"ListItem\",\"position\":3,\"name\":\"Durabilit\u00e9\"}]},{\"@type\":\"WebSite\",\"@id\":\"https:\\\/\\\/klipfel.ch\\\/fr\\\/#website\",\"url\":\"https:\\\/\\\/klipfel.ch\\\/fr\\\/\",\"name\":\"LESAFFRE Austria\",\"description\":\"Ihr Kompetenzzentrum f\u00fcr Fermentationsprodukte der Backbranche\",\"publisher\":{\"@id\":\"https:\\\/\\\/klipfel.ch\\\/fr\\\/#organization\"},\"potentialAction\":[{\"@type\":\"SearchAction\",\"target\":{\"@type\":\"EntryPoint\",\"urlTemplate\":\"https:\\\/\\\/klipfel.ch\\\/fr\\\/?s={search_term_string}\"},\"query-input\":{\"@type\":\"PropertyValueSpecification\",\"valueRequired\":true,\"valueName\":\"search_term_string\"}}],\"inLanguage\":\"fr-CH\"},{\"@type\":\"Organization\",\"@id\":\"https:\\\/\\\/klipfel.ch\\\/fr\\\/#organization\",\"name\":\"LESAFFRE Austria\",\"url\":\"https:\\\/\\\/klipfel.ch\\\/fr\\\/\",\"logo\":{\"@type\":\"ImageObject\",\"inLanguage\":\"fr-CH\",\"@id\":\"https:\\\/\\\/klipfel.ch\\\/fr\\\/#\\\/schema\\\/logo\\\/image\\\/\",\"url\":\"https:\\\/\\\/klipfel.ch\\\/wp-content\\\/uploads\\\/2024\\\/03\\\/logo0.png\",\"contentUrl\":\"https:\\\/\\\/klipfel.ch\\\/wp-content\\\/uploads\\\/2024\\\/03\\\/logo0.png\",\"width\":215,\"height\":166,\"caption\":\"LESAFFRE Austria\"},\"image\":{\"@id\":\"https:\\\/\\\/klipfel.ch\\\/fr\\\/#\\\/schema\\\/logo\\\/image\\\/\"}}]}<\/script>\n<!-- \/ Yoast SEO plugin. -->","yoast_head_json":{"title":"KLIPFEL Hefe AG - Durabilit\u00e9","robots":{"index":"noindex","follow":"nofollow"},"og_locale":"fr_FR","og_type":"article","og_title":"KLIPFEL Hefe AG - Durabilit\u00e9","og_description":"Durabilit\u00e9 Lesaffre s&#8217;est donn\u00e9 pour mission de travailler avec la nature pour un avenir plus sain depuis 170 ans. Au-del\u00e0 de la croissance du groupe, notre objectif a toujours \u00e9t\u00e9 de contribuer \u00e0 mieux nourrir et pr\u00e9server notre plan\u00e8te. Pour y parvenir, nous prenons des mesures concr\u00e8tes, tant au niveau national qu&#8217;international. de l&#8217;eau utilis\u00e9e [&hellip;]","og_url":"https:\/\/klipfel.ch\/fr\/klipfel-hefe-sa\/durabilite\/","og_site_name":"KLIPFEL Hefe AG","article_modified_time":"2026-03-10T09:19:26+00:00","og_image":[{"width":5,"height":101,"url":"https:\/\/klipfel.ch\/wp-content\/uploads\/2024\/10\/ligne.webp","type":"image\/webp"}],"twitter_card":"summary_large_image","twitter_misc":{"Est. reading time":"2 minutes"},"schema":{"@context":"https:\/\/schema.org","@graph":[{"@type":"WebPage","@id":"https:\/\/klipfel.ch\/fr\/klipfel-hefe-sa\/durabilite\/","url":"https:\/\/klipfel.ch\/fr\/klipfel-hefe-sa\/durabilite\/","name":"KLIPFEL Hefe AG - Durabilit\u00e9","isPartOf":{"@id":"https:\/\/klipfel.ch\/fr\/#website"},"primaryImageOfPage":{"@id":"https:\/\/klipfel.ch\/fr\/klipfel-hefe-sa\/durabilite\/#primaryimage"},"image":{"@id":"https:\/\/klipfel.ch\/fr\/klipfel-hefe-sa\/durabilite\/#primaryimage"},"thumbnailUrl":"https:\/\/klipfel.ch\/wp-content\/uploads\/2024\/10\/ligne.webp","datePublished":"2026-02-03T08:12:28+00:00","dateModified":"2026-03-10T09:19:26+00:00","breadcrumb":{"@id":"https:\/\/klipfel.ch\/fr\/klipfel-hefe-sa\/durabilite\/#breadcrumb"},"inLanguage":"fr-CH","potentialAction":[{"@type":"ReadAction","target":["https:\/\/klipfel.ch\/fr\/klipfel-hefe-sa\/durabilite\/"]}]},{"@type":"ImageObject","inLanguage":"fr-CH","@id":"https:\/\/klipfel.ch\/fr\/klipfel-hefe-sa\/durabilite\/#primaryimage","url":"https:\/\/klipfel.ch\/wp-content\/uploads\/2024\/10\/ligne.webp","contentUrl":"https:\/\/klipfel.ch\/wp-content\/uploads\/2024\/10\/ligne.webp"},{"@type":"BreadcrumbList","@id":"https:\/\/klipfel.ch\/fr\/klipfel-hefe-sa\/durabilite\/#breadcrumb","itemListElement":[{"@type":"ListItem","position":1,"name":"Startseite","item":"https:\/\/klipfel.ch\/fr\/klipfel-ch-votre-centre-de-competences-pour-les-produits-de-fermentation-dans-le-secteur-de-la-boulangerie\/"},{"@type":"ListItem","position":2,"name":"Klipfel Hefe SA","item":"https:\/\/klipfel.ch\/fr\/klipfel-hefe-sa\/"},{"@type":"ListItem","position":3,"name":"Durabilit\u00e9"}]},{"@type":"WebSite","@id":"https:\/\/klipfel.ch\/fr\/#website","url":"https:\/\/klipfel.ch\/fr\/","name":"LESAFFRE Austria","description":"Ihr Kompetenzzentrum f\u00fcr Fermentationsprodukte der Backbranche","publisher":{"@id":"https:\/\/klipfel.ch\/fr\/#organization"},"potentialAction":[{"@type":"SearchAction","target":{"@type":"EntryPoint","urlTemplate":"https:\/\/klipfel.ch\/fr\/?s={search_term_string}"},"query-input":{"@type":"PropertyValueSpecification","valueRequired":true,"valueName":"search_term_string"}}],"inLanguage":"fr-CH"},{"@type":"Organization","@id":"https:\/\/klipfel.ch\/fr\/#organization","name":"LESAFFRE Austria","url":"https:\/\/klipfel.ch\/fr\/","logo":{"@type":"ImageObject","inLanguage":"fr-CH","@id":"https:\/\/klipfel.ch\/fr\/#\/schema\/logo\/image\/","url":"https:\/\/klipfel.ch\/wp-content\/uploads\/2024\/03\/logo0.png","contentUrl":"https:\/\/klipfel.ch\/wp-content\/uploads\/2024\/03\/logo0.png","width":215,"height":166,"caption":"LESAFFRE Austria"},"image":{"@id":"https:\/\/klipfel.ch\/fr\/#\/schema\/logo\/image\/"}}]}},"_links":{"self":[{"href":"https:\/\/klipfel.ch\/fr\/wp-json\/wp\/v2\/pages\/10099","targetHints":{"allow":["GET"]}}],"collection":[{"href":"https:\/\/klipfel.ch\/fr\/wp-json\/wp\/v2\/pages"}],"about":[{"href":"https:\/\/klipfel.ch\/fr\/wp-json\/wp\/v2\/types\/page"}],"author":[{"embeddable":true,"href":"https:\/\/klipfel.ch\/fr\/wp-json\/wp\/v2\/users\/17"}],"replies":[{"embeddable":true,"href":"https:\/\/klipfel.ch\/fr\/wp-json\/wp\/v2\/comments?post=10099"}],"version-history":[{"count":0,"href":"https:\/\/klipfel.ch\/fr\/wp-json\/wp\/v2\/pages\/10099\/revisions"}],"up":[{"embeddable":true,"href":"https:\/\/klipfel.ch\/fr\/wp-json\/wp\/v2\/pages\/10047"}],"wp:attachment":[{"href":"https:\/\/klipfel.ch\/fr\/wp-json\/wp\/v2\/media?parent=10099"}],"curies":[{"name":"wp","href":"https:\/\/api.w.org\/{rel}","templated":true}]}}