{"id":10074,"date":"2026-02-09T18:08:36","date_gmt":"2026-02-09T17:08:36","guid":{"rendered":"https:\/\/klipfel.ch\/klipfel-hefe-sa\/echo-charity\/"},"modified":"2026-03-09T08:58:15","modified_gmt":"2026-03-09T07:58:15","slug":"echo-charity","status":"publish","type":"page","link":"https:\/\/klipfel.ch\/fr\/klipfel-hefe-sa\/echo-charity\/","title":{"rendered":"ECHO Charity"},"content":{"rendered":"\t\t<div data-elementor-type=\"wp-page\" data-elementor-id=\"10074\" class=\"elementor elementor-10074 elementor-9288\" data-elementor-post-type=\"page\">\n\t\t\t\t<div class=\"elementor-element elementor-element-b5140a4 e-con-full e-flex e-con e-parent\" data-id=\"b5140a4\" data-element_type=\"container\" data-e-type=\"container\" data-settings=\"{&quot;background_background&quot;:&quot;classic&quot;}\">\n\t\t<div class=\"elementor-element elementor-element-10d7d27 e-con-full e-flex e-con e-child\" data-id=\"10d7d27\" data-element_type=\"container\" data-e-type=\"container\" data-settings=\"{&quot;background_background&quot;:&quot;classic&quot;}\">\n\t\t\t\t<div class=\"elementor-element elementor-element-21997d4 elementor-widget elementor-widget-heading\" data-id=\"21997d4\" data-element_type=\"widget\" data-e-type=\"widget\" data-widget_type=\"heading.default\">\n\t\t\t\t<div class=\"elementor-widget-container\">\n\t\t\t\t\t<h1 class=\"elementor-heading-title elementor-size-default\">ECHO Charity<\/h1>\t\t\t\t<\/div>\n\t\t\t\t<\/div>\n\t\t\t\t<\/div>\n\t\t\t\t<\/div>\n\t\t<div class=\"elementor-element elementor-element-75c4ac8 e-flex e-con-boxed e-con e-parent\" data-id=\"75c4ac8\" data-element_type=\"container\" data-e-type=\"container\">\n\t\t\t\t\t<div class=\"e-con-inner\">\n\t\t\t\t<div class=\"elementor-element elementor-element-cc958f5 elementor-widget elementor-widget-image\" data-id=\"cc958f5\" data-element_type=\"widget\" data-e-type=\"widget\" data-widget_type=\"image.default\">\n\t\t\t\t<div class=\"elementor-widget-container\">\n\t\t\t\t\t\t\t\t\t\t\t\t\t\t\t<img decoding=\"async\" width=\"5\" height=\"101\" src=\"https:\/\/klipfel.ch\/wp-content\/uploads\/2024\/10\/ligne.webp\" class=\"attachment-full size-full wp-image-9948\" alt=\"LESAFFRE - Vertikale Linie gro\u00df\" \/>\t\t\t\t\t\t\t\t\t\t\t\t\t\t\t<\/div>\n\t\t\t\t<\/div>\n\t\t\t\t\t<\/div>\n\t\t\t\t<\/div>\n\t\t<div class=\"elementor-element elementor-element-875e278 e-flex e-con-boxed e-con e-parent\" data-id=\"875e278\" data-element_type=\"container\" data-e-type=\"container\" data-settings=\"{&quot;background_background&quot;:&quot;classic&quot;}\">\n\t\t\t\t\t<div class=\"e-con-inner\">\n\t\t\t\t<div class=\"elementor-element elementor-element-bb19371 elementor-widget elementor-widget-heading\" data-id=\"bb19371\" data-element_type=\"widget\" data-e-type=\"widget\" data-widget_type=\"heading.default\">\n\t\t\t\t<div class=\"elementor-widget-container\">\n\t\t\t\t\t<h2 class=\"elementor-heading-title elementor-size-default\">Notre politique caritative ECHO<\/h2>\t\t\t\t<\/div>\n\t\t\t\t<\/div>\n\t\t\t\t<div class=\"elementor-element elementor-element-6cea05c elementor-widget elementor-widget-text-editor\" data-id=\"6cea05c\" data-element_type=\"widget\" data-e-type=\"widget\" data-widget_type=\"text-editor.default\">\n\t\t\t\t<div class=\"elementor-widget-container\">\n\t\t\t\t\t\t\t\t\t<p>Lesaffre, en tant qu&#8217;acteur \u00e9conomique local responsable, souhaite mener des projets solidaires qui illustrent sa mission \u00ab Travailler ensemble pour mieux nourrir et prot\u00e9ger la plan\u00e8te \u00bb.<\/p>\t\t\t\t\t\t\t\t<\/div>\n\t\t\t\t<\/div>\n\t\t\t\t\t<\/div>\n\t\t\t\t<\/div>\n\t\t<div class=\"elementor-element elementor-element-aeb1887 e-con-full e-flex e-con e-parent\" data-id=\"aeb1887\" data-element_type=\"container\" data-e-type=\"container\" data-settings=\"{&quot;background_background&quot;:&quot;classic&quot;}\">\n\t\t<div class=\"elementor-element elementor-element-40a2c35 e-con-full e-flex e-con e-child\" data-id=\"40a2c35\" data-element_type=\"container\" data-e-type=\"container\" data-settings=\"{&quot;background_background&quot;:&quot;classic&quot;}\">\n\t\t\t\t<div class=\"elementor-element elementor-element-150de31 elementor-widget elementor-widget-heading\" data-id=\"150de31\" data-element_type=\"widget\" data-e-type=\"widget\" data-settings=\"{&quot;motion_fx_motion_fx_scrolling&quot;:&quot;yes&quot;,&quot;motion_fx_blur_effect&quot;:&quot;yes&quot;,&quot;motion_fx_blur_range&quot;:{&quot;unit&quot;:&quot;%&quot;,&quot;size&quot;:&quot;&quot;,&quot;sizes&quot;:{&quot;start&quot;:0,&quot;end&quot;:20}},&quot;motion_fx_blur_direction&quot;:&quot;out-in&quot;,&quot;motion_fx_blur_level&quot;:{&quot;unit&quot;:&quot;px&quot;,&quot;size&quot;:7,&quot;sizes&quot;:[]},&quot;motion_fx_devices&quot;:[&quot;desktop&quot;,&quot;laptop&quot;,&quot;tablet_extra&quot;,&quot;tablet&quot;,&quot;mobile&quot;]}\" data-widget_type=\"heading.default\">\n\t\t\t\t<div class=\"elementor-widget-container\">\n\t\t\t\t\t<h2 class=\"elementor-heading-title elementor-size-default\">Au-del\u00e0 des dons financiers<\/h2>\t\t\t\t<\/div>\n\t\t\t\t<\/div>\n\t\t\t\t<\/div>\n\t\t<div class=\"elementor-element elementor-element-dc4eb26 e-con-full e-flex e-con e-child\" data-id=\"dc4eb26\" data-element_type=\"container\" data-e-type=\"container\" data-settings=\"{&quot;background_background&quot;:&quot;classic&quot;}\">\n\t\t\t\t<div class=\"elementor-element elementor-element-5d87e85 elementor-widget elementor-widget-spacer\" data-id=\"5d87e85\" data-element_type=\"widget\" data-e-type=\"widget\" data-widget_type=\"spacer.default\">\n\t\t\t\t<div class=\"elementor-widget-container\">\n\t\t\t\t\t\t\t<div class=\"elementor-spacer\">\n\t\t\t<div class=\"elementor-spacer-inner\"><\/div>\n\t\t<\/div>\n\t\t\t\t\t\t<\/div>\n\t\t\t\t<\/div>\n\t\t<div class=\"elementor-element elementor-element-06ecbba e-con-full e-flex e-con e-child\" data-id=\"06ecbba\" data-element_type=\"container\" data-e-type=\"container\">\n\t\t\t\t<div class=\"elementor-element elementor-element-2ca65e7 elementor-widget elementor-widget-text-editor\" data-id=\"2ca65e7\" data-element_type=\"widget\" data-e-type=\"widget\" data-widget_type=\"text-editor.default\">\n\t\t\t\t<div class=\"elementor-widget-container\">\n\t\t\t\t\t\t\t\t\t<p>Nous souhaitons que chaque association avec laquelle nous travaillons b\u00e9n\u00e9ficie d&#8217;une relation privil\u00e9gi\u00e9e avec nous.<\/p><p>Un \u00abchef de projet\u00bb est donc d\u00e9sign\u00e9 pour travailler avec l&#8217;association afin d&#8217;explorer toutes les formes de soutien possibles : b\u00e9n\u00e9volat de comp\u00e9tences, soutien en nature, acc\u00e8s \u00e0 nos r\u00e9seaux professionnels &#8230;<\/p>\t\t\t\t\t\t\t\t<\/div>\n\t\t\t\t<\/div>\n\t\t\t\t<\/div>\n\t\t\t\t<\/div>\n\t\t\t\t<\/div>\n\t\t<div class=\"elementor-element elementor-element-13a0998 e-con-full e-flex e-con e-parent\" data-id=\"13a0998\" data-element_type=\"container\" data-e-type=\"container\">\n\t\t<div class=\"elementor-element elementor-element-9d7abd0 e-con-full e-flex e-con e-child\" data-id=\"9d7abd0\" data-element_type=\"container\" data-e-type=\"container\" data-settings=\"{&quot;background_background&quot;:&quot;classic&quot;}\">\n\t\t\t\t<div class=\"elementor-element elementor-element-0717411 elementor-widget elementor-widget-spacer\" data-id=\"0717411\" data-element_type=\"widget\" data-e-type=\"widget\" data-widget_type=\"spacer.default\">\n\t\t\t\t<div class=\"elementor-widget-container\">\n\t\t\t\t\t\t\t<div class=\"elementor-spacer\">\n\t\t\t<div class=\"elementor-spacer-inner\"><\/div>\n\t\t<\/div>\n\t\t\t\t\t\t<\/div>\n\t\t\t\t<\/div>\n\t\t<div class=\"elementor-element elementor-element-8e0c1a0 e-con-full e-flex e-con e-child\" data-id=\"8e0c1a0\" data-element_type=\"container\" data-e-type=\"container\">\n\t\t\t\t<div class=\"elementor-element elementor-element-8889c50 elementor-widget elementor-widget-text-editor\" data-id=\"8889c50\" data-element_type=\"widget\" data-e-type=\"widget\" data-widget_type=\"text-editor.default\">\n\t\t\t\t<div class=\"elementor-widget-container\">\n\t\t\t\t\t\t\t\t\t<p>C&#8217;est un outil que nous utilisons pour <\/p>\t\t\t\t\t\t\t\t<\/div>\n\t\t\t\t<\/div>\n\t\t<div class=\"elementor-element elementor-element-2d47fda e-con-full e-flex e-con e-child\" data-id=\"2d47fda\" data-element_type=\"container\" data-e-type=\"container\">\n\t\t<div class=\"elementor-element elementor-element-984a834 e-con-full e-flex e-con e-child\" data-id=\"984a834\" data-element_type=\"container\" data-e-type=\"container\">\n\t\t\t\t<div class=\"elementor-element elementor-element-55d7b57 elementor-widget elementor-widget-image\" data-id=\"55d7b57\" data-element_type=\"widget\" data-e-type=\"widget\" data-widget_type=\"image.default\">\n\t\t\t\t<div class=\"elementor-widget-container\">\n\t\t\t\t\t\t\t\t\t\t\t\t\t\t\t<img decoding=\"async\" width=\"140\" height=\"140\" src=\"https:\/\/klipfel.ch\/wp-content\/uploads\/2026\/02\/echo_icon_02.png\" class=\"attachment-large size-large wp-image-10068\" alt=\"\" \/>\t\t\t\t\t\t\t\t\t\t\t\t\t\t\t<\/div>\n\t\t\t\t<\/div>\n\t\t\t\t<div class=\"elementor-element elementor-element-69ca2ae elementor-widget elementor-widget-text-editor\" data-id=\"69ca2ae\" data-element_type=\"widget\" data-e-type=\"widget\" data-widget_type=\"text-editor.default\">\n\t\t\t\t<div class=\"elementor-widget-container\">\n\t\t\t\t\t\t\t\t\t<p>Contribuer au d\u00e9veloppement de la communaut\u00e9 par l&#8217;\u00e9ducation, la nutrition et la pr\u00e9servation de notre environnement,<\/p>\t\t\t\t\t\t\t\t<\/div>\n\t\t\t\t<\/div>\n\t\t\t\t<\/div>\n\t\t<div class=\"elementor-element elementor-element-a202e18 e-con-full e-flex e-con e-child\" data-id=\"a202e18\" data-element_type=\"container\" data-e-type=\"container\">\n\t\t\t\t<div class=\"elementor-element elementor-element-b4e396f elementor-widget elementor-widget-image\" data-id=\"b4e396f\" data-element_type=\"widget\" data-e-type=\"widget\" data-widget_type=\"image.default\">\n\t\t\t\t<div class=\"elementor-widget-container\">\n\t\t\t\t\t\t\t\t\t\t\t\t\t\t\t<img decoding=\"async\" width=\"140\" height=\"140\" src=\"https:\/\/klipfel.ch\/wp-content\/uploads\/2026\/02\/echo_icon_03.png\" class=\"attachment-large size-large wp-image-10069\" alt=\"\" \/>\t\t\t\t\t\t\t\t\t\t\t\t\t\t\t<\/div>\n\t\t\t\t<\/div>\n\t\t\t\t<div class=\"elementor-element elementor-element-565a427 elementor-widget elementor-widget-text-editor\" data-id=\"565a427\" data-element_type=\"widget\" data-e-type=\"widget\" data-widget_type=\"text-editor.default\">\n\t\t\t\t<div class=\"elementor-widget-container\">\n\t\t\t\t\t\t\t\t\tJouer notre r\u00f4le d&#8217;acteur \u00e9conomique local responsable\t\t\t\t\t\t\t\t<\/div>\n\t\t\t\t<\/div>\n\t\t\t\t<\/div>\n\t\t<div class=\"elementor-element elementor-element-03a35ed e-con-full e-flex e-con e-child\" data-id=\"03a35ed\" data-element_type=\"container\" data-e-type=\"container\">\n\t\t\t\t<div class=\"elementor-element elementor-element-8438832 elementor-widget elementor-widget-image\" data-id=\"8438832\" data-element_type=\"widget\" data-e-type=\"widget\" data-widget_type=\"image.default\">\n\t\t\t\t<div class=\"elementor-widget-container\">\n\t\t\t\t\t\t\t\t\t\t\t\t\t\t\t<img loading=\"lazy\" decoding=\"async\" width=\"140\" height=\"140\" src=\"https:\/\/klipfel.ch\/wp-content\/uploads\/2026\/02\/echo_icon_01.png\" class=\"attachment-large size-large wp-image-10070\" alt=\"\" \/>\t\t\t\t\t\t\t\t\t\t\t\t\t\t\t<\/div>\n\t\t\t\t<\/div>\n\t\t\t\t<div class=\"elementor-element elementor-element-e993008 elementor-widget elementor-widget-text-editor\" data-id=\"e993008\" data-element_type=\"widget\" data-e-type=\"widget\" data-widget_type=\"text-editor.default\">\n\t\t\t\t<div class=\"elementor-widget-container\">\n\t\t\t\t\t\t\t\t\t<p>exprimer nos valeurs \u00e0 travers nos actes de solidarit\u00e9<\/p>\t\t\t\t\t\t\t\t<\/div>\n\t\t\t\t<\/div>\n\t\t\t\t<\/div>\n\t\t\t\t<\/div>\n\t\t\t\t<\/div>\n\t\t\t\t<div class=\"elementor-element elementor-element-789d47b elementor-widget elementor-widget-text-editor\" data-id=\"789d47b\" data-element_type=\"widget\" data-e-type=\"widget\" data-widget_type=\"text-editor.default\">\n\t\t\t\t<div class=\"elementor-widget-container\">\n\t\t\t\t\t\t\t\t\t<p>Tels sont les objectifs d&#8217;ECHO, le programme de solidarit\u00e9 de Lesaffre cr\u00e9\u00e9 en 2019 pour servir notre mission \u00abTravailler ensemble pour mieux nourrir et prot\u00e9ger la plan\u00e8te.\u00bb <\/p><p>En participant au programme ECHO, nous pouvons \u00e9largir notre impact sur la communaut\u00e9, en combinant nos ressources avec celles de l&#8217;entreprise dans son ensemble. <br>Dans le cadre de nos engagements CSR, ECHO englobe TOUTES LES ACTIONS DE SOLIDARITE DU GROUPE, entreprises au nom de Lesaffre, et supervis\u00e9es par un collaborateur ou un groupe de collaborateurs. <\/p><p><strong>Nous soutenons environ 60 actions de solidarit\u00e9 par an, men\u00e9es dans le monde entier<\/strong><\/p>\t\t\t\t\t\t\t\t<\/div>\n\t\t\t\t<\/div>\n\t\t\t\t<div class=\"elementor-element elementor-element-a56a411 elementor-widget elementor-widget-spacer\" data-id=\"a56a411\" data-element_type=\"widget\" data-e-type=\"widget\" data-widget_type=\"spacer.default\">\n\t\t\t\t<div class=\"elementor-widget-container\">\n\t\t\t\t\t\t\t<div class=\"elementor-spacer\">\n\t\t\t<div class=\"elementor-spacer-inner\"><\/div>\n\t\t<\/div>\n\t\t\t\t\t\t<\/div>\n\t\t\t\t<\/div>\n\t\t\t\t<\/div>\n\t\t<div class=\"elementor-element elementor-element-dc53d7b e-con-full e-flex e-con e-child\" data-id=\"dc53d7b\" data-element_type=\"container\" data-e-type=\"container\" data-settings=\"{&quot;background_background&quot;:&quot;classic&quot;,&quot;motion_fx_devices&quot;:[&quot;desktop&quot;,&quot;tablet&quot;,&quot;mobile&quot;],&quot;motion_fx_motion_fx_scrolling&quot;:&quot;yes&quot;}\">\n\t\t\t\t<div class=\"elementor-element elementor-element-ea58f69 elementor-widget elementor-widget-heading\" data-id=\"ea58f69\" data-element_type=\"widget\" data-e-type=\"widget\" data-settings=\"{&quot;motion_fx_motion_fx_scrolling&quot;:&quot;yes&quot;,&quot;motion_fx_blur_effect&quot;:&quot;yes&quot;,&quot;motion_fx_blur_range&quot;:{&quot;unit&quot;:&quot;%&quot;,&quot;size&quot;:&quot;&quot;,&quot;sizes&quot;:{&quot;start&quot;:0,&quot;end&quot;:20}},&quot;motion_fx_blur_direction&quot;:&quot;out-in&quot;,&quot;motion_fx_blur_level&quot;:{&quot;unit&quot;:&quot;px&quot;,&quot;size&quot;:7,&quot;sizes&quot;:[]},&quot;motion_fx_devices&quot;:[&quot;desktop&quot;,&quot;laptop&quot;,&quot;tablet_extra&quot;,&quot;tablet&quot;,&quot;mobile&quot;]}\" data-widget_type=\"heading.default\">\n\t\t\t\t<div class=\"elementor-widget-container\">\n\t\t\t\t\t<h2 class=\"elementor-heading-title elementor-size-default\">ECHO est plus qu'un simple programme de solidarit\u00e9...<\/h2>\t\t\t\t<\/div>\n\t\t\t\t<\/div>\n\t\t\t\t<\/div>\n\t\t\t\t<\/div>\n\t\t<div class=\"elementor-element elementor-element-50d729f e-con-full e-flex e-con e-parent\" data-id=\"50d729f\" data-element_type=\"container\" data-e-type=\"container\">\n\t\t<div class=\"elementor-element elementor-element-c2c2b0c e-con-full e-flex e-con e-child\" data-id=\"c2c2b0c\" data-element_type=\"container\" data-e-type=\"container\" data-settings=\"{&quot;background_background&quot;:&quot;classic&quot;,&quot;motion_fx_devices&quot;:[&quot;desktop&quot;,&quot;tablet&quot;,&quot;mobile&quot;],&quot;motion_fx_motion_fx_scrolling&quot;:&quot;yes&quot;}\">\n\t\t\t\t<div class=\"elementor-element elementor-element-b2d588b elementor-widget elementor-widget-heading\" data-id=\"b2d588b\" data-element_type=\"widget\" data-e-type=\"widget\" data-settings=\"{&quot;motion_fx_motion_fx_scrolling&quot;:&quot;yes&quot;,&quot;motion_fx_blur_effect&quot;:&quot;yes&quot;,&quot;motion_fx_blur_range&quot;:{&quot;unit&quot;:&quot;%&quot;,&quot;size&quot;:&quot;&quot;,&quot;sizes&quot;:{&quot;start&quot;:0,&quot;end&quot;:20}},&quot;motion_fx_blur_direction&quot;:&quot;out-in&quot;,&quot;motion_fx_blur_level&quot;:{&quot;unit&quot;:&quot;px&quot;,&quot;size&quot;:7,&quot;sizes&quot;:[]},&quot;motion_fx_devices&quot;:[&quot;desktop&quot;,&quot;laptop&quot;,&quot;tablet_extra&quot;,&quot;tablet&quot;,&quot;mobile&quot;]}\" data-widget_type=\"heading.default\">\n\t\t\t\t<div class=\"elementor-widget-container\">\n\t\t\t\t\t<h2 class=\"elementor-heading-title elementor-size-default\">De plus en plus de collaborateurs impliqu\u00e9s<\/h2>\t\t\t\t<\/div>\n\t\t\t\t<\/div>\n\t\t\t\t<\/div>\n\t\t<div class=\"elementor-element elementor-element-8d942bc e-con-full e-flex e-con e-child\" data-id=\"8d942bc\" data-element_type=\"container\" data-e-type=\"container\" data-settings=\"{&quot;background_background&quot;:&quot;classic&quot;}\">\n\t\t<div class=\"elementor-element elementor-element-d355e1c e-con-full e-flex e-con e-child\" data-id=\"d355e1c\" data-element_type=\"container\" data-e-type=\"container\">\n\t\t\t\t<div class=\"elementor-element elementor-element-8dfca1f elementor-widget elementor-widget-text-editor\" data-id=\"8dfca1f\" data-element_type=\"widget\" data-e-type=\"widget\" data-widget_type=\"text-editor.default\">\n\t\t\t\t<div class=\"elementor-widget-container\">\n\t\t\t\t\t\t\t\t\t<p>Nos valeurs d&#8217;entreprise r\u00e9sonnent \u00e0 l&#8217;unisson de celles de nos collaborateurs, qui sont de plus en plus nombreux \u00e0 s&#8217;impliquer dans des actions solidaires.<\/p><p>Depuis sa cr\u00e9ation en 2019, le nombre de b\u00e9n\u00e9voles n&#8217;a cess\u00e9 d&#8217;augmenter et nous sommes fiers aujourd&#8217;hui de constater que 1&#8217;230 de nos collaborateurs ont fait ce choix, soit plus de 10% des hommes et des femmes qui constituent le c\u0153ur de notre entreprise.<\/p>\t\t\t\t\t\t\t\t<\/div>\n\t\t\t\t<\/div>\n\t\t\t\t<\/div>\n\t\t\t\t<\/div>\n\t\t\t\t<\/div>\n\t\t<div class=\"elementor-element elementor-element-1ebeb88 e-con-full e-flex e-con e-parent\" data-id=\"1ebeb88\" data-element_type=\"container\" data-e-type=\"container\">\n\t\t<div class=\"elementor-element elementor-element-be6a339 e-con-full e-flex e-con e-child\" data-id=\"be6a339\" data-element_type=\"container\" data-e-type=\"container\" data-settings=\"{&quot;background_background&quot;:&quot;classic&quot;}\">\n\t\t<div class=\"elementor-element elementor-element-908ea30 e-con-full e-flex e-con e-child\" data-id=\"908ea30\" data-element_type=\"container\" data-e-type=\"container\">\n\t\t\t\t<div class=\"elementor-element elementor-element-56e31ba elementor-widget elementor-widget-text-editor\" data-id=\"56e31ba\" data-element_type=\"widget\" data-e-type=\"widget\" data-widget_type=\"text-editor.default\">\n\t\t\t\t<div class=\"elementor-widget-container\">\n\t\t\t\t\t\t\t\t\t<p style=\"font-weight: 400;\">Pr\u00e9sents dans 50 pays \u00e0 travers le monde, notre proximit\u00e9 avec le terrain nous permet de choisir les associations les plus pertinentes qui \u0153uvrent sur le terrain et de leur apporter notre contribution.<\/p><p style=\"font-weight: 400;\"><strong>Nous avons d\u00e9fini 3 crit\u00e8res qui nous guident dans le choix des projets de solidarit\u00e9 : <\/strong><\/p><ul><li style=\"font-weight: 400;\"><strong>EDUCATION<\/strong><\/li><li style=\"font-weight: 400;\"><strong>ALIMENTATION\/NUTRITION<\/strong><\/li><li style=\"font-weight: 400;\"><strong>UMWELT<\/strong><\/li><\/ul>\t\t\t\t\t\t\t\t<\/div>\n\t\t\t\t<\/div>\n\t\t\t\t<\/div>\n\t\t\t\t<\/div>\n\t\t<div class=\"elementor-element elementor-element-1a40219 e-con-full e-flex e-con e-child\" data-id=\"1a40219\" data-element_type=\"container\" data-e-type=\"container\" data-settings=\"{&quot;background_background&quot;:&quot;classic&quot;}\">\n\t\t\t\t<div class=\"elementor-element elementor-element-cfbc678 elementor-widget elementor-widget-heading\" data-id=\"cfbc678\" data-element_type=\"widget\" data-e-type=\"widget\" data-settings=\"{&quot;motion_fx_motion_fx_scrolling&quot;:&quot;yes&quot;,&quot;motion_fx_blur_effect&quot;:&quot;yes&quot;,&quot;motion_fx_blur_range&quot;:{&quot;unit&quot;:&quot;%&quot;,&quot;size&quot;:&quot;&quot;,&quot;sizes&quot;:{&quot;start&quot;:0,&quot;end&quot;:20}},&quot;motion_fx_blur_direction&quot;:&quot;out-in&quot;,&quot;motion_fx_blur_level&quot;:{&quot;unit&quot;:&quot;px&quot;,&quot;size&quot;:7,&quot;sizes&quot;:[]},&quot;motion_fx_devices&quot;:[&quot;desktop&quot;,&quot;laptop&quot;,&quot;tablet_extra&quot;,&quot;tablet&quot;,&quot;mobile&quot;]}\" data-widget_type=\"heading.default\">\n\t\t\t\t<div class=\"elementor-widget-container\">\n\t\t\t\t\t<h2 class=\"elementor-heading-title elementor-size-default\">3 crit\u00e8res pour guider le choix des projets \u00e0 soutenir<\/h2>\t\t\t\t<\/div>\n\t\t\t\t<\/div>\n\t\t\t\t<\/div>\n\t\t\t\t<\/div>\n\t\t\t\t<\/div>\n\t\t","protected":false},"excerpt":{"rendered":"<p>ECHO Charity Notre politique caritative ECHO Lesaffre, en tant qu&#8217;acteur \u00e9conomique local responsable, souhaite mener des projets solidaires qui illustrent sa mission \u00ab Travailler ensemble pour mieux nourrir et prot\u00e9ger la plan\u00e8te \u00bb. Au-del\u00e0 des dons financiers Nous souhaitons que chaque association avec laquelle nous travaillons b\u00e9n\u00e9ficie d&#8217;une relation privil\u00e9gi\u00e9e avec nous. Un \u00abchef de [&hellip;]<\/p>\n","protected":false},"author":17,"featured_media":0,"parent":10047,"menu_order":70,"comment_status":"closed","ping_status":"closed","template":"","meta":{"_acf_changed":false,"footnotes":""},"class_list":["post-10074","page","type-page","status-publish","hentry"],"acf":[],"yoast_head":"<!-- This site is optimized with the Yoast SEO plugin v27.5 - https:\/\/yoast.com\/product\/yoast-seo-wordpress\/ -->\n<title>KLIPFEL Hefe AG - ECHO Charity<\/title>\n<meta name=\"robots\" content=\"noindex, nofollow\" \/>\n<meta property=\"og:locale\" content=\"fr_FR\" \/>\n<meta property=\"og:type\" content=\"article\" \/>\n<meta property=\"og:title\" content=\"KLIPFEL Hefe AG - ECHO Charity\" \/>\n<meta property=\"og:description\" content=\"ECHO Charity Notre politique caritative ECHO Lesaffre, en tant qu&#8217;acteur \u00e9conomique local responsable, souhaite mener des projets solidaires qui illustrent sa mission \u00ab Travailler ensemble pour mieux nourrir et prot\u00e9ger la plan\u00e8te \u00bb. Au-del\u00e0 des dons financiers Nous souhaitons que chaque association avec laquelle nous travaillons b\u00e9n\u00e9ficie d&#8217;une relation privil\u00e9gi\u00e9e avec nous. Un \u00abchef de [&hellip;]\" \/>\n<meta property=\"og:url\" content=\"https:\/\/klipfel.ch\/fr\/klipfel-hefe-sa\/echo-charity\/\" \/>\n<meta property=\"og:site_name\" content=\"KLIPFEL Hefe AG\" \/>\n<meta property=\"article:modified_time\" content=\"2026-03-09T07:58:15+00:00\" \/>\n<meta property=\"og:image\" content=\"https:\/\/klipfel.ch\/wp-content\/uploads\/2024\/10\/ligne.webp\" \/>\n\t<meta property=\"og:image:width\" content=\"5\" \/>\n\t<meta property=\"og:image:height\" content=\"101\" \/>\n\t<meta property=\"og:image:type\" content=\"image\/webp\" \/>\n<meta name=\"twitter:card\" content=\"summary_large_image\" \/>\n<meta name=\"twitter:label1\" content=\"Est. reading time\" \/>\n\t<meta name=\"twitter:data1\" content=\"2 minutes\" \/>\n<script type=\"application\/ld+json\" class=\"yoast-schema-graph\">{\"@context\":\"https:\\\/\\\/schema.org\",\"@graph\":[{\"@type\":\"WebPage\",\"@id\":\"https:\\\/\\\/klipfel.ch\\\/fr\\\/klipfel-hefe-sa\\\/echo-charity\\\/\",\"url\":\"https:\\\/\\\/klipfel.ch\\\/fr\\\/klipfel-hefe-sa\\\/echo-charity\\\/\",\"name\":\"KLIPFEL Hefe AG - ECHO Charity\",\"isPartOf\":{\"@id\":\"https:\\\/\\\/klipfel.ch\\\/fr\\\/#website\"},\"primaryImageOfPage\":{\"@id\":\"https:\\\/\\\/klipfel.ch\\\/fr\\\/klipfel-hefe-sa\\\/echo-charity\\\/#primaryimage\"},\"image\":{\"@id\":\"https:\\\/\\\/klipfel.ch\\\/fr\\\/klipfel-hefe-sa\\\/echo-charity\\\/#primaryimage\"},\"thumbnailUrl\":\"https:\\\/\\\/klipfel.ch\\\/wp-content\\\/uploads\\\/2024\\\/10\\\/ligne.webp\",\"datePublished\":\"2026-02-09T17:08:36+00:00\",\"dateModified\":\"2026-03-09T07:58:15+00:00\",\"breadcrumb\":{\"@id\":\"https:\\\/\\\/klipfel.ch\\\/fr\\\/klipfel-hefe-sa\\\/echo-charity\\\/#breadcrumb\"},\"inLanguage\":\"fr-CH\",\"potentialAction\":[{\"@type\":\"ReadAction\",\"target\":[\"https:\\\/\\\/klipfel.ch\\\/fr\\\/klipfel-hefe-sa\\\/echo-charity\\\/\"]}]},{\"@type\":\"ImageObject\",\"inLanguage\":\"fr-CH\",\"@id\":\"https:\\\/\\\/klipfel.ch\\\/fr\\\/klipfel-hefe-sa\\\/echo-charity\\\/#primaryimage\",\"url\":\"https:\\\/\\\/klipfel.ch\\\/wp-content\\\/uploads\\\/2024\\\/10\\\/ligne.webp\",\"contentUrl\":\"https:\\\/\\\/klipfel.ch\\\/wp-content\\\/uploads\\\/2024\\\/10\\\/ligne.webp\"},{\"@type\":\"BreadcrumbList\",\"@id\":\"https:\\\/\\\/klipfel.ch\\\/fr\\\/klipfel-hefe-sa\\\/echo-charity\\\/#breadcrumb\",\"itemListElement\":[{\"@type\":\"ListItem\",\"position\":1,\"name\":\"Startseite\",\"item\":\"https:\\\/\\\/klipfel.ch\\\/fr\\\/klipfel-ch-votre-centre-de-competences-pour-les-produits-de-fermentation-dans-le-secteur-de-la-boulangerie\\\/\"},{\"@type\":\"ListItem\",\"position\":2,\"name\":\"Klipfel Hefe SA\",\"item\":\"https:\\\/\\\/klipfel.ch\\\/fr\\\/klipfel-hefe-sa\\\/\"},{\"@type\":\"ListItem\",\"position\":3,\"name\":\"ECHO Charity\"}]},{\"@type\":\"WebSite\",\"@id\":\"https:\\\/\\\/klipfel.ch\\\/fr\\\/#website\",\"url\":\"https:\\\/\\\/klipfel.ch\\\/fr\\\/\",\"name\":\"LESAFFRE Austria\",\"description\":\"Ihr Kompetenzzentrum f\u00fcr Fermentationsprodukte der Backbranche\",\"publisher\":{\"@id\":\"https:\\\/\\\/klipfel.ch\\\/fr\\\/#organization\"},\"potentialAction\":[{\"@type\":\"SearchAction\",\"target\":{\"@type\":\"EntryPoint\",\"urlTemplate\":\"https:\\\/\\\/klipfel.ch\\\/fr\\\/?s={search_term_string}\"},\"query-input\":{\"@type\":\"PropertyValueSpecification\",\"valueRequired\":true,\"valueName\":\"search_term_string\"}}],\"inLanguage\":\"fr-CH\"},{\"@type\":\"Organization\",\"@id\":\"https:\\\/\\\/klipfel.ch\\\/fr\\\/#organization\",\"name\":\"LESAFFRE Austria\",\"url\":\"https:\\\/\\\/klipfel.ch\\\/fr\\\/\",\"logo\":{\"@type\":\"ImageObject\",\"inLanguage\":\"fr-CH\",\"@id\":\"https:\\\/\\\/klipfel.ch\\\/fr\\\/#\\\/schema\\\/logo\\\/image\\\/\",\"url\":\"https:\\\/\\\/klipfel.ch\\\/wp-content\\\/uploads\\\/2024\\\/03\\\/logo0.png\",\"contentUrl\":\"https:\\\/\\\/klipfel.ch\\\/wp-content\\\/uploads\\\/2024\\\/03\\\/logo0.png\",\"width\":215,\"height\":166,\"caption\":\"LESAFFRE Austria\"},\"image\":{\"@id\":\"https:\\\/\\\/klipfel.ch\\\/fr\\\/#\\\/schema\\\/logo\\\/image\\\/\"}}]}<\/script>\n<!-- \/ Yoast SEO plugin. -->","yoast_head_json":{"title":"KLIPFEL Hefe AG - ECHO Charity","robots":{"index":"noindex","follow":"nofollow"},"og_locale":"fr_FR","og_type":"article","og_title":"KLIPFEL Hefe AG - ECHO Charity","og_description":"ECHO Charity Notre politique caritative ECHO Lesaffre, en tant qu&#8217;acteur \u00e9conomique local responsable, souhaite mener des projets solidaires qui illustrent sa mission \u00ab Travailler ensemble pour mieux nourrir et prot\u00e9ger la plan\u00e8te \u00bb. Au-del\u00e0 des dons financiers Nous souhaitons que chaque association avec laquelle nous travaillons b\u00e9n\u00e9ficie d&#8217;une relation privil\u00e9gi\u00e9e avec nous. Un \u00abchef de [&hellip;]","og_url":"https:\/\/klipfel.ch\/fr\/klipfel-hefe-sa\/echo-charity\/","og_site_name":"KLIPFEL Hefe AG","article_modified_time":"2026-03-09T07:58:15+00:00","og_image":[{"width":5,"height":101,"url":"https:\/\/klipfel.ch\/wp-content\/uploads\/2024\/10\/ligne.webp","type":"image\/webp"}],"twitter_card":"summary_large_image","twitter_misc":{"Est. reading time":"2 minutes"},"schema":{"@context":"https:\/\/schema.org","@graph":[{"@type":"WebPage","@id":"https:\/\/klipfel.ch\/fr\/klipfel-hefe-sa\/echo-charity\/","url":"https:\/\/klipfel.ch\/fr\/klipfel-hefe-sa\/echo-charity\/","name":"KLIPFEL Hefe AG - ECHO Charity","isPartOf":{"@id":"https:\/\/klipfel.ch\/fr\/#website"},"primaryImageOfPage":{"@id":"https:\/\/klipfel.ch\/fr\/klipfel-hefe-sa\/echo-charity\/#primaryimage"},"image":{"@id":"https:\/\/klipfel.ch\/fr\/klipfel-hefe-sa\/echo-charity\/#primaryimage"},"thumbnailUrl":"https:\/\/klipfel.ch\/wp-content\/uploads\/2024\/10\/ligne.webp","datePublished":"2026-02-09T17:08:36+00:00","dateModified":"2026-03-09T07:58:15+00:00","breadcrumb":{"@id":"https:\/\/klipfel.ch\/fr\/klipfel-hefe-sa\/echo-charity\/#breadcrumb"},"inLanguage":"fr-CH","potentialAction":[{"@type":"ReadAction","target":["https:\/\/klipfel.ch\/fr\/klipfel-hefe-sa\/echo-charity\/"]}]},{"@type":"ImageObject","inLanguage":"fr-CH","@id":"https:\/\/klipfel.ch\/fr\/klipfel-hefe-sa\/echo-charity\/#primaryimage","url":"https:\/\/klipfel.ch\/wp-content\/uploads\/2024\/10\/ligne.webp","contentUrl":"https:\/\/klipfel.ch\/wp-content\/uploads\/2024\/10\/ligne.webp"},{"@type":"BreadcrumbList","@id":"https:\/\/klipfel.ch\/fr\/klipfel-hefe-sa\/echo-charity\/#breadcrumb","itemListElement":[{"@type":"ListItem","position":1,"name":"Startseite","item":"https:\/\/klipfel.ch\/fr\/klipfel-ch-votre-centre-de-competences-pour-les-produits-de-fermentation-dans-le-secteur-de-la-boulangerie\/"},{"@type":"ListItem","position":2,"name":"Klipfel Hefe SA","item":"https:\/\/klipfel.ch\/fr\/klipfel-hefe-sa\/"},{"@type":"ListItem","position":3,"name":"ECHO Charity"}]},{"@type":"WebSite","@id":"https:\/\/klipfel.ch\/fr\/#website","url":"https:\/\/klipfel.ch\/fr\/","name":"LESAFFRE Austria","description":"Ihr Kompetenzzentrum f\u00fcr Fermentationsprodukte der Backbranche","publisher":{"@id":"https:\/\/klipfel.ch\/fr\/#organization"},"potentialAction":[{"@type":"SearchAction","target":{"@type":"EntryPoint","urlTemplate":"https:\/\/klipfel.ch\/fr\/?s={search_term_string}"},"query-input":{"@type":"PropertyValueSpecification","valueRequired":true,"valueName":"search_term_string"}}],"inLanguage":"fr-CH"},{"@type":"Organization","@id":"https:\/\/klipfel.ch\/fr\/#organization","name":"LESAFFRE Austria","url":"https:\/\/klipfel.ch\/fr\/","logo":{"@type":"ImageObject","inLanguage":"fr-CH","@id":"https:\/\/klipfel.ch\/fr\/#\/schema\/logo\/image\/","url":"https:\/\/klipfel.ch\/wp-content\/uploads\/2024\/03\/logo0.png","contentUrl":"https:\/\/klipfel.ch\/wp-content\/uploads\/2024\/03\/logo0.png","width":215,"height":166,"caption":"LESAFFRE Austria"},"image":{"@id":"https:\/\/klipfel.ch\/fr\/#\/schema\/logo\/image\/"}}]}},"_links":{"self":[{"href":"https:\/\/klipfel.ch\/fr\/wp-json\/wp\/v2\/pages\/10074","targetHints":{"allow":["GET"]}}],"collection":[{"href":"https:\/\/klipfel.ch\/fr\/wp-json\/wp\/v2\/pages"}],"about":[{"href":"https:\/\/klipfel.ch\/fr\/wp-json\/wp\/v2\/types\/page"}],"author":[{"embeddable":true,"href":"https:\/\/klipfel.ch\/fr\/wp-json\/wp\/v2\/users\/17"}],"replies":[{"embeddable":true,"href":"https:\/\/klipfel.ch\/fr\/wp-json\/wp\/v2\/comments?post=10074"}],"version-history":[{"count":0,"href":"https:\/\/klipfel.ch\/fr\/wp-json\/wp\/v2\/pages\/10074\/revisions"}],"up":[{"embeddable":true,"href":"https:\/\/klipfel.ch\/fr\/wp-json\/wp\/v2\/pages\/10047"}],"wp:attachment":[{"href":"https:\/\/klipfel.ch\/fr\/wp-json\/wp\/v2\/media?parent=10074"}],"curies":[{"name":"wp","href":"https:\/\/api.w.org\/{rel}","templated":true}]}}